{"id":4336,"date":"2018-01-07T12:31:04","date_gmt":"2018-01-07T11:31:04","guid":{"rendered":"http:\/\/www.judokwailausanne.ch\/cmsv3\/?page_id=4336"},"modified":"2018-01-07T12:31:25","modified_gmt":"2018-01-07T11:31:25","slug":"resultats-competitions","status":"publish","type":"page","link":"https:\/\/www.judokwailausanne.ch\/?page_id=4336","title":{"rendered":"R\u00e9sultats comp\u00e9titions"},"content":{"rendered":"<div class=\"pt-cv-wrapper et_smooth_scroll_disabled\"><div class=\"pt-cv-view pt-cv-grid pt-cv-colsys\" id=\"pt-cv-view-9666b8e723\"><div data-id=\"pt-cv-page-1\" class=\"pt-cv-page\" data-cvc=\"2\"><div class=\"col-md-6 col-sm-6 col-xs-12 pt-cv-content-item pt-cv-1-col\" ><div class='pt-cv-ifield'><a href=\"https:\/\/www.judokwailausanne.ch\/?p=29453\" class=\"_self pt-cv-href-thumbnail pt-cv-thumb-default\" target=\"_self\" ><img fetchpriority=\"high\" fetchpriority=\"high\" decoding=\"async\" width=\"300\" height=\"206\" src=\"https:\/\/www.judokwailausanne.ch\/cmsv3\/wp-content\/uploads\/2018\/02\/Competition-300x206.jpg\" class=\"pt-cv-thumbnail\" alt=\"\" srcset=\"https:\/\/www.judokwailausanne.ch\/cmsv3\/wp-content\/uploads\/2018\/02\/Competition-300x206.jpg 300w, https:\/\/www.judokwailausanne.ch\/cmsv3\/wp-content\/uploads\/2018\/02\/Competition-768x528.jpg 768w, https:\/\/www.judokwailausanne.ch\/cmsv3\/wp-content\/uploads\/2018\/02\/Competition-1024x705.jpg 1024w, https:\/\/www.judokwailausanne.ch\/cmsv3\/wp-content\/uploads\/2018\/02\/Competition.jpg 1924w\" sizes=\"(max-width: 300px) 100vw, 300px\" \/><\/a>\n<h4 class=\"pt-cv-title\"><a href=\"https:\/\/www.judokwailausanne.ch\/?p=29453\" class=\"_self\" target=\"_self\" >Tournoi cantonal et championnat vaudois<\/a><\/h4>\n<div class=\"pt-cv-content\">Championnats Vaudois Individuels et Tournoi Cantonal 2026 qui se sont d\u00e9roul\u00e9s le samedi 29 et dimanche 30 mars \u00e0 Orbe ...<br \/><div class=\"pt-cv-rmwrap\"><a href=\"https:\/\/www.judokwailausanne.ch\/?p=29453\" class=\"_self pt-cv-readmore btn btn-success\" target=\"_self\">Lire La Suite\u2026<\/a><\/div><\/div><\/div><\/div>\n<div class=\"col-md-6 col-sm-6 col-xs-12 pt-cv-content-item pt-cv-1-col\" ><div class='pt-cv-ifield'><a href=\"https:\/\/www.judokwailausanne.ch\/?p=29332\" class=\"_self pt-cv-href-thumbnail pt-cv-thumb-default\" target=\"_self\" ><img decoding=\"async\" width=\"300\" height=\"225\" src=\"https:\/\/www.judokwailausanne.ch\/cmsv3\/wp-content\/uploads\/2026\/03\/Equipe_femme_Lyss-300x225.jpg\" class=\"pt-cv-thumbnail\" alt=\"\" \/><\/a>\n<h4 class=\"pt-cv-title\"><a href=\"https:\/\/www.judokwailausanne.ch\/?p=29332\" class=\"_self\" target=\"_self\" >Nos judokates s\u2019imposent \u00e0 Lyss !<\/a><\/h4>\n<div class=\"pt-cv-content\">2\u1d49 tour de la Ligue dames \u00e0 Lyss : le JKL assure ! ...<br \/><div class=\"pt-cv-rmwrap\"><a href=\"https:\/\/www.judokwailausanne.ch\/?p=29332\" class=\"_self pt-cv-readmore btn btn-success\" target=\"_self\">Lire La Suite\u2026<\/a><\/div><\/div><\/div><\/div>\n<div class=\"col-md-6 col-sm-6 col-xs-12 pt-cv-content-item pt-cv-1-col\" ><div class='pt-cv-ifield'><a href=\"https:\/\/www.judokwailausanne.ch\/?p=29329\" class=\"_self pt-cv-href-thumbnail pt-cv-thumb-default\" target=\"_self\" ><img decoding=\"async\" width=\"225\" height=\"300\" src=\"https:\/\/www.judokwailausanne.ch\/cmsv3\/wp-content\/uploads\/2026\/03\/Tournoi_enfants_equipe-225x300.jpg\" class=\"pt-cv-thumbnail\" alt=\"\" \/><\/a>\n<h4 class=\"pt-cv-title\"><a href=\"https:\/\/www.judokwailausanne.ch\/?p=29329\" class=\"_self\" target=\"_self\" >Deux \u00e9quipes en forme pour le tournoi \u00e9colier par \u00e9quipes !<\/a><\/h4>\n<div class=\"pt-cv-content\">Samedi 7 mars s\u2019est d\u00e9roul\u00e9 le 1er tour du tournoi \u00e9colier par \u00e9quipes. Nos judokas ont parfaitement lanc\u00e9 la comp\u00e9tition ...<br \/><div class=\"pt-cv-rmwrap\"><a href=\"https:\/\/www.judokwailausanne.ch\/?p=29329\" class=\"_self pt-cv-readmore btn btn-success\" target=\"_self\">Lire La Suite\u2026<\/a><\/div><\/div><\/div><\/div>\n<div class=\"col-md-6 col-sm-6 col-xs-12 pt-cv-content-item pt-cv-1-col\" ><div class='pt-cv-ifield'><a href=\"https:\/\/www.judokwailausanne.ch\/?p=29258\" class=\"_self pt-cv-href-thumbnail pt-cv-thumb-default\" target=\"_self\" ><img loading=\"lazy\" loading=\"lazy\" decoding=\"async\" width=\"300\" height=\"225\" src=\"https:\/\/www.judokwailausanne.ch\/cmsv3\/wp-content\/uploads\/2026\/03\/PHOTO-2026-03-01-18-11-43-1-300x225.jpg\" class=\"pt-cv-thumbnail\" alt=\"\" \/><\/a>\n<h4 class=\"pt-cv-title\"><a href=\"https:\/\/www.judokwailausanne.ch\/?p=29258\" class=\"_self\" target=\"_self\" >LNA : Double succ\u00e8s pour nos \u00e9quipes f\u00e9minine et masculine !<\/a><\/h4>\n<div class=\"pt-cv-content\">Nos deux \u00e9quipes de Ligue Nationale A ont brill\u00e9 ce week-end, et nous tenons \u00e0 les f\u00e9liciter chaleureusement pour leurs ...<br \/><div class=\"pt-cv-rmwrap\"><a href=\"https:\/\/www.judokwailausanne.ch\/?p=29258\" class=\"_self pt-cv-readmore btn btn-success\" target=\"_self\">Lire La Suite\u2026<\/a><\/div><\/div><\/div><\/div>\n<div class=\"col-md-6 col-sm-6 col-xs-12 pt-cv-content-item pt-cv-1-col\" ><div class='pt-cv-ifield'><a href=\"https:\/\/www.judokwailausanne.ch\/?p=29160\" class=\"_self pt-cv-href-thumbnail pt-cv-thumb-default\" target=\"_self\" ><img loading=\"lazy\" loading=\"lazy\" decoding=\"async\" width=\"300\" height=\"300\" src=\"https:\/\/www.judokwailausanne.ch\/cmsv3\/wp-content\/uploads\/2026\/02\/260228-LNA-300x300.jpeg\" class=\"pt-cv-thumbnail\" alt=\"\" \/><\/a>\n<h4 class=\"pt-cv-title\"><a href=\"https:\/\/www.judokwailausanne.ch\/?p=29160\" class=\"_self\" target=\"_self\" >28 f\u00e9vrier : Viens encourager nos \u00e9quipes LNA !<\/a><\/h4>\n<div class=\"pt-cv-content\">La saison de Ligue Nationale A 2026 de Judo d\u00e9bute, et nos deux \u00e9quipes re\u00e7oivent \u00e0 domicile le samedi 28 ...<br \/><div class=\"pt-cv-rmwrap\"><a href=\"https:\/\/www.judokwailausanne.ch\/?p=29160\" class=\"_self pt-cv-readmore btn btn-success\" target=\"_self\">Lire La Suite\u2026<\/a><\/div><\/div><\/div><\/div>\n<div class=\"col-md-6 col-sm-6 col-xs-12 pt-cv-content-item pt-cv-1-col\" ><div class='pt-cv-ifield'><a href=\"https:\/\/www.judokwailausanne.ch\/?p=28906\" class=\"_self pt-cv-href-thumbnail pt-cv-thumb-default\" target=\"_self\" ><img loading=\"lazy\" loading=\"lazy\" decoding=\"async\" width=\"225\" height=\"300\" src=\"https:\/\/www.judokwailausanne.ch\/cmsv3\/wp-content\/uploads\/2025\/12\/PHOTO-2025-12-06-22-00-44-1-225x300.jpg\" class=\"pt-cv-thumbnail\" alt=\"\" \/><\/a>\n<h4 class=\"pt-cv-title\"><a href=\"https:\/\/www.judokwailausanne.ch\/?p=28906\" class=\"_self\" target=\"_self\" >CSI 2025 \u2013 Les performances de nos judokas<\/a><\/h4>\n<div class=\"pt-cv-content\">Nos judokas ont livr\u00e9 un tr\u00e8s beau week-end de comp\u00e9tition aux CSI, avec de l\u2019engagement, de la combativit\u00e9 et de ...<br \/><div class=\"pt-cv-rmwrap\"><a href=\"https:\/\/www.judokwailausanne.ch\/?p=28906\" class=\"_self pt-cv-readmore btn btn-success\" target=\"_self\">Lire La Suite\u2026<\/a><\/div><\/div><\/div><\/div>\n<div class=\"col-md-6 col-sm-6 col-xs-12 pt-cv-content-item pt-cv-1-col\" ><div class='pt-cv-ifield'><a href=\"https:\/\/www.judokwailausanne.ch\/?p=28835\" class=\"_self pt-cv-href-thumbnail pt-cv-thumb-default\" target=\"_self\" ><img loading=\"lazy\" loading=\"lazy\" decoding=\"async\" width=\"300\" height=\"169\" src=\"https:\/\/www.judokwailausanne.ch\/cmsv3\/wp-content\/uploads\/2025\/11\/4C18FE28-169A-413D-BD3C-F02523F2D6B0-300x169.jpg\" class=\"pt-cv-thumbnail\" alt=\"\" \/><\/a>\n<h4 class=\"pt-cv-title\"><a href=\"https:\/\/www.judokwailausanne.ch\/?p=28835\" class=\"_self\" target=\"_self\" >Tournoi No\u00ebl Open 2025<\/a><\/h4>\n<div class=\"pt-cv-content\">Ce samedi 29 novembre, apr\u00e8s le tournoi de No\u00ebl des enfants, s'est d\u00e9roul\u00e9 le tournoi adultes du JKL ...<br \/><div class=\"pt-cv-rmwrap\"><a href=\"https:\/\/www.judokwailausanne.ch\/?p=28835\" class=\"_self pt-cv-readmore btn btn-success\" target=\"_self\">Lire La Suite\u2026<\/a><\/div><\/div><\/div><\/div>\n<div class=\"col-md-6 col-sm-6 col-xs-12 pt-cv-content-item pt-cv-1-col\" ><div class='pt-cv-ifield'><a href=\"https:\/\/www.judokwailausanne.ch\/?p=28798\" class=\"_self pt-cv-href-thumbnail pt-cv-thumb-default\" target=\"_self\" ><img loading=\"lazy\" loading=\"lazy\" decoding=\"async\" width=\"300\" height=\"185\" src=\"https:\/\/www.judokwailausanne.ch\/cmsv3\/wp-content\/uploads\/2025\/11\/IMG_0330-300x185.jpeg\" class=\"pt-cv-thumbnail\" alt=\"\" \/><\/a>\n<h4 class=\"pt-cv-title\"><a href=\"https:\/\/www.judokwailausanne.ch\/?p=28798\" class=\"_self\" target=\"_self\" >Tournoi de fin d\u2019ann\u00e9e 2025 \u2013 une belle \u00e9dition !<\/a><\/h4>\n<div class=\"pt-cv-content\">Ce samedi 29 novembre a eu lieu notre tournoi de No\u00ebl du JKL. Ce tournoi amical a r\u00e9uni plus de ...<br \/><div class=\"pt-cv-rmwrap\"><a href=\"https:\/\/www.judokwailausanne.ch\/?p=28798\" class=\"_self pt-cv-readmore btn btn-success\" target=\"_self\">Lire La Suite\u2026<\/a><\/div><\/div><\/div><\/div>\n<div class=\"col-md-6 col-sm-6 col-xs-12 pt-cv-content-item pt-cv-1-col\" ><div class='pt-cv-ifield'><a href=\"https:\/\/www.judokwailausanne.ch\/?p=28794\" class=\"_self pt-cv-href-thumbnail pt-cv-thumb-default\" target=\"_self\" ><img loading=\"lazy\" loading=\"lazy\" decoding=\"async\" width=\"300\" height=\"254\" src=\"https:\/\/www.judokwailausanne.ch\/cmsv3\/wp-content\/uploads\/2024\/03\/Binta-Tbilisi_2024-300x254.jpg\" class=\"pt-cv-thumbnail\" alt=\"\" \/><\/a>\n<h4 class=\"pt-cv-title\"><a href=\"https:\/\/www.judokwailausanne.ch\/?p=28794\" class=\"_self\" target=\"_self\" >RTS : Binta et April<\/a><\/h4>\n<div class=\"pt-cv-content\">Joli reportage de la RTS sur Binta et April ...<br \/><div class=\"pt-cv-rmwrap\"><a href=\"https:\/\/www.judokwailausanne.ch\/?p=28794\" class=\"_self pt-cv-readmore btn btn-success\" target=\"_self\">Lire La Suite\u2026<\/a><\/div><\/div><\/div><\/div>\n<div class=\"col-md-6 col-sm-6 col-xs-12 pt-cv-content-item pt-cv-1-col\" ><div class='pt-cv-ifield'><a href=\"https:\/\/www.judokwailausanne.ch\/?p=28709\" class=\"_self pt-cv-href-thumbnail pt-cv-thumb-default\" target=\"_self\" ><img loading=\"lazy\" loading=\"lazy\" decoding=\"async\" width=\"300\" height=\"225\" src=\"https:\/\/www.judokwailausanne.ch\/cmsv3\/wp-content\/uploads\/2025\/11\/WhatsApp-Image-2025-11-08-a-22.04.49_9b86bd1e-300x225.jpg\" class=\"pt-cv-thumbnail\" alt=\"\" \/><\/a>\n<h4 class=\"pt-cv-title\"><a href=\"https:\/\/www.judokwailausanne.ch\/?p=28709\" class=\"_self\" target=\"_self\" >LNA &#8211; JKL et de 3 !<\/a><\/h4>\n<div class=\"pt-cv-content\">Le r\u00e9sultat des finales des championnats suisses par \u00e9quipe avaient un petit air de d\u00e9j\u00e0 vu. Nos Ta\u00efga d\u00e9crochent le ...<br \/><div class=\"pt-cv-rmwrap\"><a href=\"https:\/\/www.judokwailausanne.ch\/?p=28709\" class=\"_self pt-cv-readmore btn btn-success\" target=\"_self\">Lire La Suite\u2026<\/a><\/div><\/div><\/div><\/div><\/div><\/div>\n<div class=\" pt-cv-pagination-wrapper\"><ul class=\"pt-cv-pagination pt-cv-normal pagination\" data-totalpages=\"23\" data-currentpage=\"1\" data-sid=\"9666b8e723\" data-unid=\"\" data-isblock=\"\" data-postid=\"\"><li class=\"active\"><a href=\"#\">1<\/a><\/li>\n\t<li ><a class=\"\" href=\"https:\/\/www.judokwailausanne.ch\/index.php\/?_page=2&#038;rest_route=%2Fwp%2Fv2%2Fpages%2F4336\">2<\/a><\/li>\n\t<li ><a class=\"\" href=\"https:\/\/www.judokwailausanne.ch\/index.php\/?_page=3&#038;rest_route=%2Fwp%2Fv2%2Fpages%2F4336\">3<\/a><\/li>\n\t<li ><a href=\"#\">\u2026<\/a><\/li>\n\t<li ><a class=\"\" href=\"https:\/\/www.judokwailausanne.ch\/index.php\/?_page=23&#038;rest_route=%2Fwp%2Fv2%2Fpages%2F4336\">23<\/a><\/li>\n\t<li ><a class=\" \" href=\"https:\/\/www.judokwailausanne.ch\/index.php\/?_page=2&#038;rest_route=%2Fwp%2Fv2%2Fpages%2F4336\">&rsaquo;<\/a><\/li>\n\t<\/ul><img loading=\"lazy\" loading=\"lazy\" decoding=\"async\" width=\"15\" height=\"15\" class=\"pt-cv-spinner\" alt=\"Chargement\u2026\" src=\"data:image\/gif;base64,R0lGODlhDwAPALMPAMrKygwMDJOTkz09PZWVla+vr3p6euTk5M7OzuXl5TMzMwAAAJmZmWZmZszMzP\/\/\/yH\/C05FVFNDQVBFMi4wAwEAAAAh+QQFCgAPACwAAAAADwAPAAAEQvDJaZaZOIcV8iQK8VRX4iTYoAwZ4iCYoAjZ4RxejhVNoT+mRGP4cyF4Pp0N98sBGIBMEMOotl6YZ3S61Bmbkm4mAgAh+QQFCgAPACwAAAAADQANAAAENPDJSRSZeA418itN8QiK8BiLITVsFiyBBIoYqnoewAD4xPw9iY4XLGYSjkQR4UAUD45DLwIAIfkEBQoADwAsAAAAAA8ACQAABC\/wyVlamTi3nSdgwFNdhEJgTJoNyoB9ISYoQmdjiZPcj7EYCAeCF1gEDo4Dz2eIAAAh+QQFCgAPACwCAAAADQANAAAEM\/DJBxiYeLKdX3IJZT1FU0iIg2RNKx3OkZVnZ98ToRD4MyiDnkAh6BkNC0MvsAj0kMpHBAAh+QQFCgAPACwGAAAACQAPAAAEMDC59KpFDll73HkAA2wVY5KgiK5b0RRoI6MuzG6EQqCDMlSGheEhUAgqgUUAFRySIgAh+QQFCgAPACwCAAIADQANAAAEM\/DJKZNLND\/kkKaHc3xk+QAMYDKsiaqmZCxGVjSFFCxB1vwy2oOgIDxuucxAMTAJFAJNBAAh+QQFCgAPACwAAAYADwAJAAAEMNAs86q1yaWwwv2Ig0jUZx3OYa4XoRAfwADXoAwfo1+CIjyFRuEho60aSNYlOPxEAAAh+QQFCgAPACwAAAIADQANAAAENPA9s4y8+IUVcqaWJ4qEQozSoAzoIyhCK2NFU2SJk0hNnyEOhKR2AzAAj4Pj4GE4W0bkJQIAOw==\" \/><div class=\"clear pt-cv-clear-pagination\"><\/div><\/div><\/div>\n","protected":false},"excerpt":{"rendered":"","protected":false},"author":3,"featured_media":0,"parent":1342,"menu_order":0,"comment_status":"closed","ping_status":"closed","template":"","meta":{"_et_pb_use_builder":"","_et_pb_old_content":"","_et_gb_content_width":"","footnotes":""},"class_list":["post-4336","page","type-page","status-publish","hentry"],"_links":{"self":[{"href":"https:\/\/www.judokwailausanne.ch\/index.php?rest_route=\/wp\/v2\/pages\/4336","targetHints":{"allow":["GET"]}}],"collection":[{"href":"https:\/\/www.judokwailausanne.ch\/index.php?rest_route=\/wp\/v2\/pages"}],"about":[{"href":"https:\/\/www.judokwailausanne.ch\/index.php?rest_route=\/wp\/v2\/types\/page"}],"author":[{"embeddable":true,"href":"https:\/\/www.judokwailausanne.ch\/index.php?rest_route=\/wp\/v2\/users\/3"}],"replies":[{"embeddable":true,"href":"https:\/\/www.judokwailausanne.ch\/index.php?rest_route=%2Fwp%2Fv2%2Fcomments&post=4336"}],"version-history":[{"count":2,"href":"https:\/\/www.judokwailausanne.ch\/index.php?rest_route=\/wp\/v2\/pages\/4336\/revisions"}],"predecessor-version":[{"id":4338,"href":"https:\/\/www.judokwailausanne.ch\/index.php?rest_route=\/wp\/v2\/pages\/4336\/revisions\/4338"}],"up":[{"embeddable":true,"href":"https:\/\/www.judokwailausanne.ch\/index.php?rest_route=\/wp\/v2\/pages\/1342"}],"wp:attachment":[{"href":"https:\/\/www.judokwailausanne.ch\/index.php?rest_route=%2Fwp%2Fv2%2Fmedia&parent=4336"}],"curies":[{"name":"wp","href":"https:\/\/api.w.org\/{rel}","templated":true}]}}